{"id":12160,"date":"2017-05-09T13:04:46","date_gmt":"2017-05-09T11:04:46","guid":{"rendered":"https:\/\/dehoevens.nl\/vakantiehuis\/tarieven\/"},"modified":"2025-12-29T13:59:26","modified_gmt":"2025-12-29T11:59:26","slug":"preise","status":"publish","type":"page","link":"https:\/\/dehoevens.nl\/de\/ferienwohnung\/preise\/","title":{"rendered":"Preise"},"content":{"rendered":"<div class=\"info-table\">\n<h4><strong>Preise<br \/>\n<\/strong><em>(vorbehaltlich zwischenzeitlicher Preis\u00e4nderungen)<\/em><\/h4>\n<\/div>\n<div class=\"info-table\">\n<div class=\"inner-table\">\n<table>\n<tbody>\n<tr>\n<td><\/td>\n<td><strong>NEBENS.<\/strong><\/td>\n<td><strong>HAUPTS.<\/strong><\/td>\n<\/tr>\n<tr>\n<td><strong>WOCHENENDE (Fr-Son)<\/strong><\/td>\n<td>\u00a0\u20ac 2395,-<\/td>\n<td>\u20ac 2650,-<\/td>\n<\/tr>\n<tr>\n<td><strong>WOCHENENDE (Fr-Mo)<\/strong><\/td>\n<td>\u00a0\u20ac 2750,-<\/td>\n<td>\u20ac 2995,-<\/td>\n<\/tr>\n<tr>\n<td><strong>MITTE DER WOCHE<\/strong><\/td>\n<td>\u00a0\u20ac 2850,-<\/td>\n<td>\u20ac 3195,-<\/td>\n<\/tr>\n<tr>\n<td><strong>WOCHE<\/strong><\/td>\n<td>\u00a0\u20ac 3795,-<\/td>\n<td>\u00a0\u20ac 4225,-<\/td>\n<\/tr>\n<\/tbody>\n<\/table>\n<\/div>\n<\/div>\n<article class=\"text-token-text-primary w-full focus:outline-none [--shadow-height:45px] has-data-writing-block:pointer-events-none has-data-writing-block:-mt-(--shadow-height) has-data-writing-block:pt-(--shadow-height) [&amp;:has([data-writing-block])&gt;*]:pointer-events-auto [content-visibility:auto] supports-[content-visibility:auto]:[contain-intrinsic-size:auto_100lvh] scroll-mt-[calc(var(--header-height)+min(200px,max(70px,20svh)))]\" dir=\"auto\" tabindex=\"-1\" data-turn-id=\"request-WEB:800aab47-3e3d-43d8-9175-8de08f738041-24\" data-testid=\"conversation-turn-50\" data-scroll-anchor=\"true\" data-turn=\"assistant\">\n<div class=\"text-base my-auto mx-auto pb-10 [--thread-content-margin:--spacing(4)] thread-sm:[--thread-content-margin:--spacing(6)] thread-lg:[--thread-content-margin:--spacing(16)] px-(--thread-content-margin)\">\n<div class=\"[--thread-content-max-width:40rem] thread-lg:[--thread-content-max-width:48rem] mx-auto max-w-(--thread-content-max-width) flex-1 group\/turn-messages focus-visible:outline-hidden relative flex w-full min-w-0 flex-col agent-turn\" tabindex=\"-1\">\n<div class=\"flex max-w-full flex-col grow\">\n<div class=\"min-h-8 text-message relative flex w-full flex-col items-end gap-2 text-start break-words whitespace-normal [.text-message+&amp;]:mt-1\" dir=\"auto\" data-message-author-role=\"assistant\" data-message-id=\"d6650658-8ec4-4579-9545-458f12d06f84\" data-message-model-slug=\"gpt-5-mini\">\n<div class=\"flex w-full flex-col gap-1 empty:hidden first:pt-[1px]\">\n<div class=\"markdown prose dark:prose-invert w-full break-words light markdown-new-styling\">\n<p data-start=\"37\" data-end=\"206\">Die Preise gelten f\u00fcr eine Belegung mit 16 Personen. Aufpreis pro zus\u00e4tzlicher Person: 40\u202f\u20ac.<br data-start=\"146\" data-end=\"149\" \/>Maximalbelegung: 20 Personen. Kinder unter 1 Jahr frei.<\/p>\n<p data-start=\"208\" data-end=\"282\"><strong data-start=\"208\" data-end=\"226\">Nebensaison:<\/strong> November bis M\u00e4rz<br data-start=\"244\" data-end=\"247\" \/><strong data-start=\"247\" data-end=\"262\">Hochsaison:<\/strong> April bis Oktober<\/p>\n<p data-start=\"284\" data-end=\"425\">W\u00e4hrend Ostern \/ Himmelfahrt \/ Pfingsten \/ Weihnachten \/ Silvester gelten abweichende Preise und Reservierungen sind nur auf Anfrage m\u00f6glich.<\/p>\n<p data-start=\"710\" data-end=\"735\">Hunde sind nicht erlaubt.<\/p>\n<p data-start=\"737\" data-end=\"752\"><strong data-start=\"737\" data-end=\"750\">Inklusive<br \/>\n&#8211; <\/strong>Mehrwertsteuer<br \/>\n&#8211; Gas, Wasser und Strom<br \/>\n&#8211; WLAN-Internet<br \/>\n&#8211; Bettw\u00e4sche und Handt\u00fccher<br \/>\n&#8211; K\u00fcchenw\u00e4sche und Sp\u00fclmaschinentabs<br \/>\n&#8211; Nutzung des Kinderbetts<br \/>\n&#8211; Nutzung der Sauna und Saunat\u00fccher<br \/>\n&#8211; Endreinigung<\/p>\n<p data-start=\"969\" data-end=\"984\"><strong data-start=\"969\" data-end=\"982\">Exklusive<br \/>\n&#8211; <\/strong>Zus\u00e4tzliche Bett- und Badw\u00e4sche bei &gt;16 Personen: 14,95\u202f\u20ac pro Set<br \/>\n&#8211; Kaution: 300\u202f\u20ac pro Aufenthaltsperiode<br \/>\n&#8211; Kurtaxe \u20ac 2,- p.p.p.n.<br \/>\n&#8211; Eventuell konsumierte Getr\u00e4nke<\/p>\n<p data-start=\"1152\" data-end=\"1258\" data-is-last-node=\"\" data-is-only-node=\"\">Auf alle Reservierungen finden unsere <a href=\"https:\/\/dehoevens.nl\/wp-content\/uploads\/2023\/02\/Algemene-voorwaarden-gastenverblijven.pdf\">Algemene voorwaarden gastenverblijven<\/a><\/p>\n<\/div>\n<\/div>\n<\/div>\n<\/div>\n<\/div>\n<\/div>\n<\/article>\n<p><strong>Buchen? <a href=\"https:\/\/dehoevens.nl\/de\/vakantiehuis\/reserveringsformulier\/\" target=\"_blank\" rel=\"noopener\">Klik hier<\/a> f\u00fcr eine Reservierung <\/strong><\/p>\n","protected":false},"excerpt":{"rendered":"<p>Preise (vorbehaltlich zwischenzeitlicher Preis\u00e4nderungen) NEBENS. HAUPTS. WOCHENENDE (Fr-Son) \u00a0\u20ac 2395,- \u20ac 2650,- WOCHENENDE (Fr-Mo) \u00a0\u20ac 2750,- \u20ac 2995,- MITTE DER WOCHE \u00a0\u20ac 2850,- \u20ac 3195,- WOCHE \u00a0\u20ac 3795,- \u00a0\u20ac 4225,- Die Preise gelten f\u00fcr eine Belegung mit 16 Personen. Aufpreis pro zus\u00e4tzlicher Person: 40\u202f\u20ac.Maximalbelegung: 20 Personen. Kinder unter 1 Jahr frei. Nebensaison: November bis M\u00e4rzHochsaison: &hellip; <\/p>\n<p class=\"link-more\"><a href=\"https:\/\/dehoevens.nl\/de\/ferienwohnung\/preise\/\" class=\"more-link\"><span class=\"screen-reader-text\">&#8222;Preise&#8220;<\/span> weiterlesen<\/a><\/p>\n","protected":false},"author":1,"featured_media":0,"parent":12148,"menu_order":0,"comment_status":"closed","ping_status":"closed","template":"page-templates\/greencolor.php","meta":{"_acf_changed":false,"footnotes":""},"class_list":["post-12160","page","type-page","status-publish","hentry"],"acf":[],"_links":{"self":[{"href":"https:\/\/dehoevens.nl\/de\/wp-json\/wp\/v2\/pages\/12160","targetHints":{"allow":["GET"]}}],"collection":[{"href":"https:\/\/dehoevens.nl\/de\/wp-json\/wp\/v2\/pages"}],"about":[{"href":"https:\/\/dehoevens.nl\/de\/wp-json\/wp\/v2\/types\/page"}],"author":[{"embeddable":true,"href":"https:\/\/dehoevens.nl\/de\/wp-json\/wp\/v2\/users\/1"}],"replies":[{"embeddable":true,"href":"https:\/\/dehoevens.nl\/de\/wp-json\/wp\/v2\/comments?post=12160"}],"version-history":[{"count":7,"href":"https:\/\/dehoevens.nl\/de\/wp-json\/wp\/v2\/pages\/12160\/revisions"}],"predecessor-version":[{"id":12365,"href":"https:\/\/dehoevens.nl\/de\/wp-json\/wp\/v2\/pages\/12160\/revisions\/12365"}],"up":[{"embeddable":true,"href":"https:\/\/dehoevens.nl\/de\/wp-json\/wp\/v2\/pages\/12148"}],"wp:attachment":[{"href":"https:\/\/dehoevens.nl\/de\/wp-json\/wp\/v2\/media?parent=12160"}],"curies":[{"name":"wp","href":"https:\/\/api.w.org\/{rel}","templated":true}]}}